{"id":9396,"date":"2016-01-31T00:27:17","date_gmt":"2016-01-31T00:27:17","guid":{"rendered":"http:\/\/www.montalegre.org\/?page_id=9396"},"modified":"2021-12-22T18:21:08","modified_gmt":"2021-12-22T18:21:08","slug":"home","status":"publish","type":"page","link":"https:\/\/www.montalegre.org\/es\/","title":{"rendered":"Inicio"},"content":{"rendered":"<div class=\"wpb-content-wrapper\"><p>[vc_row][vc_column]<div class=\"c-slider\"><div class=\"slide-list\"><div class=\"slide\"><div class=\"slide-bg\"><div class=\"slide-inner\"><div class=\"slide-content valign-middle\" style=\"height: 400px;\"><h2 style=\"text-align: center;\"><span style=\"color: #800000;\"><strong>C\u00d3DIGO BIZUM DE MONTALEGRE: 01235<\/strong><\/span><\/h2>\r\n<h3 style=\"text-align: center;\"><span style=\"color: #800000;\">Desc\u00e1rgate la APP de tu BANCO, reg\u00edstrate y busca la opci\u00f3n <strong>BIZUM<\/strong><\/span><\/h3>\r\n<h3 style=\"text-align: center;\"><span style=\"color: #800000;\">Selecciona la opci\u00f3n HACER DONATIVO<\/span><\/h3>\r\n<h3 style=\"text-align: center;\"><span style=\"color: #800000;\">Introduce nuestro c\u00f3digo 01235<\/span><\/h3>\r\n<h3 style=\"text-align: center;\"><span style=\"color: #800000;\">Introduce el importe que deseas donar<\/span><\/h3>\r\n<h2 style=\"text-align: center;\"><span style=\"color: #800000;\">\u00a1GRACIAS!<\/span><\/h2>\r\n&nbsp;\r\n\r\n&nbsp;\r\n\r\n<strong>\u00a0<\/strong><\/div><\/div><\/div><\/div><div class=\"slide\" style=\"background-image: url( 'https:\/\/www.montalegre.org\/wp-content\/uploads\/2015\/11\/IMG_13981.jpg' );\"><div class=\"slide-bg\"><div class=\"slide-inner\"><div class=\"slide-content valign-middle\" style=\"height: 400px;\"><\/div><\/div><\/div><\/div><\/div><\/div>[\/vc_column][\/vc_row][vc_row][vc_column][\/vc_column][\/vc_row][vc_row][vc_column]<div class=\"c-directory m-has-icon m-3-columns\"><div class=\"c-content-box\"><div class=\"directory-inner\"><i class=\"ico-shadow tp tp-enter-right\"><\/i><h2 class=\"directory-title\"><i class=\"ico tp tp-enter-right\"><\/i>Informaci\u00f3n de inter\u00e9s<\/h2><div class=\"directory-content\"><div class=\"menu-home-es-container\"><ul id=\"menu-home-es\" class=\"directory-menu\"><li id=\"menu-item-9589\" class=\"menu-item menu-item-type-custom menu-item-object-custom menu-item-has-children menu-item-9589\"><a href=\"#\">Sobre Montalegre<\/a>\n<ul class=\"sub-menu\">\n\t<li id=\"menu-item-9592\" class=\"menu-item menu-item-type-post_type menu-item-object-page menu-item-9592\"><a href=\"https:\/\/www.montalegre.org\/es\/la-iglesia\/historia-de-montalegre\/\">Breve historia de Montalegre<\/a><\/li>\n\t<li id=\"menu-item-9593\" class=\"menu-item menu-item-type-custom menu-item-object-custom menu-item-9593\"><a href=\"http:\/\/amicsdemontalegre.blogspot.com.es\/\">Amigos de Montalegre<\/a><\/li>\n\t<li id=\"menu-item-9594\" class=\"menu-item menu-item-type-custom menu-item-object-custom menu-item-9594\"><a href=\"http:\/\/www.montalegre.org\/acciosocial\/\">Acci\u00f3n Social Montalegre<\/a><\/li>\n<\/ul>\n<\/li>\n<li id=\"menu-item-9591\" class=\"menu-item menu-item-type-custom menu-item-object-custom menu-item-has-children menu-item-9591\"><a href=\"#\">Formaci\u00f3n<\/a>\n<ul class=\"sub-menu\">\n\t<li id=\"menu-item-9930\" class=\"menu-item menu-item-type-post_type menu-item-object-page menu-item-9930\"><a href=\"https:\/\/www.montalegre.org\/es\/cursos-prematrimoniales\/\">Cursos prematrimoniales<\/a><\/li>\n\t<li id=\"menu-item-9931\" class=\"menu-item menu-item-type-post_type menu-item-object-page menu-item-9931\"><a href=\"https:\/\/www.montalegre.org\/es\/catequesis\/\">Catequesis<\/a><\/li>\n<\/ul>\n<\/li>\n<li id=\"menu-item-9590\" class=\"menu-item menu-item-type-custom menu-item-object-custom menu-item-has-children menu-item-9590\"><a href=\"#\">Horarios<\/a>\n<ul class=\"sub-menu\">\n\t<li id=\"menu-item-9598\" class=\"menu-item menu-item-type-post_type menu-item-object-page menu-item-9598\"><a href=\"https:\/\/www.montalegre.org\/es\/horarios\/misas\/\">Misas<\/a><\/li>\n\t<li id=\"menu-item-9599\" class=\"menu-item menu-item-type-post_type menu-item-object-page menu-item-9599\"><a href=\"https:\/\/www.montalegre.org\/es\/horarios\/confesiones\/\">Confesiones<\/a><\/li>\n\t<li id=\"menu-item-9597\" class=\"menu-item menu-item-type-post_type menu-item-object-page menu-item-9597\"><a href=\"https:\/\/www.montalegre.org\/es\/horarios\/retiros-mensuales\/\">Retiros<\/a><\/li>\n<\/ul>\n<\/li>\n<\/ul><\/div><\/div><\/div><\/div><\/div>[\/vc_column][\/vc_row][vc_row][vc_column width=&#8221;1\/2&#8243;]<div class=\"c-article-list m-has-icon m-has-featured\"><div class=\"c-content-box\"><div class=\"article-list-inner\"><i class=\"ico-shadow tp tp-news\"><\/i><h2 class=\"article-list-title\"><i class=\"ico tp tp-news\"><\/i><a href=\"https:\/\/www.montalegre.org\/es\/category\/noticias-de-montalegre\/\">Noticias de Montalegre<\/a><\/h2><div class=\"article-list-content\"><article class=\"featured-article m-has-thumb\"><div class=\"article-image\"><a href=\"https:\/\/www.montalegre.org\/es\/2026\/04\/en-la-vigilia-pascual-si-sois-perseverantes-sereis-felices-hasta-la-eternidad\/\" style=\"background-image: url('https:\/\/www.montalegre.org\/wp-content\/uploads\/2026\/04\/bautizo-1024x1024.jpg')\"><\/a><\/div><div class=\"article-core\"><h3 class=\"article-title\"><a href=\"https:\/\/www.montalegre.org\/es\/2026\/04\/en-la-vigilia-pascual-si-sois-perseverantes-sereis-felices-hasta-la-eternidad\/\">En la Vigilia Pascual: Si sois perseverantes ser\u00e9is felices hasta la eternidad<\/a><\/h3><div class=\"article-date\"><i class=\"ico tp tp-clock2\"><\/i>10 abril, 2026<\/div><div class=\"article-excerpt\"><p>Y lleg\u00f3 el amanecer del tercer d\u00eda de la muerte de Jes\u00fas y su sepultura, la cual qued\u00f3 cubierta por una gran piedra y vigilada por guardias romanos. Pero estaba escrito que Jesucristo iba a resucitar y as\u00ed lo hizo. Como dice san Pablo durante los 50 d\u00edas previos a su ascensi\u00f3n se apareci\u00f3 a [&hellip;]<\/p>\n<\/div><\/div><\/article><article class=\"brief-article\"><h3 class=\"article-title\"><a href=\"https:\/\/www.montalegre.org\/es\/2026\/04\/las-tres-instituciones-del-jueves-santo-en-la-iglesia-universal\/\">Las tres instituciones del Jueves Santo en la Iglesia Universal<\/a><\/h3><div class=\"article-date\">6 abril, 2026<\/div><\/article><article class=\"brief-article\"><h3 class=\"article-title\"><a href=\"https:\/\/www.montalegre.org\/es\/2026\/03\/concierto-de-cuaresma-stabat-mater-bajo-la-direccion-de-xavier-cuevas\/\">Concierto de Cuaresma Stabat Mater, bajo la direcci\u00f3n de Xavier Cuevas<\/a><\/h3><div class=\"article-date\">26 marzo, 2026<\/div><\/article><article class=\"brief-article\"><h3 class=\"article-title\"><a href=\"https:\/\/www.montalegre.org\/es\/2026\/02\/horarios-de-cuaresma-y-semana-santa-2026\/\">Horarios de Cuaresma y Semana Santa 2026<\/a><\/h3><div class=\"article-date\">24 febrero, 2026<\/div><\/article><article class=\"brief-article\"><h3 class=\"article-title\"><a href=\"https:\/\/www.montalegre.org\/es\/2026\/02\/murio-santamente-da-maria-pilar-casals-lamarca\/\">Muri\u00f3 santamente Da. Mar\u00eda Pilar Casals Lamarca<\/a><\/h3><div class=\"article-date\">17 febrero, 2026<\/div><\/article><p class=\"more-btn-holder\"><a href=\"https:\/\/www.montalegre.org\/es\/category\/noticias-de-montalegre\/\">Leer m\u00e1s<\/a><\/p><\/div><\/div><\/div><\/div>[\/vc_column][vc_column width=&#8221;1\/2&#8243;]<div class=\"c-article-list m-has-icon m-has-featured\"><div class=\"c-content-box\"><div class=\"article-list-inner\"><i class=\"ico-shadow tp tp-earth\"><\/i><h2 class=\"article-list-title\"><i class=\"ico tp tp-earth\"><\/i><a href=\"https:\/\/www.montalegre.org\/es\/category\/actualidad\/\">Actualidad<\/a><\/h2><div class=\"article-list-content\"><article class=\"featured-article m-has-thumb\"><div class=\"article-image\"><a href=\"https:\/\/www.montalegre.org\/es\/2026\/04\/san-juan-nos-situa-dentro-de-la-pasion-con-alegria-es-la-vision-positiva-de-la-cruz\/\" style=\"background-image: url('https:\/\/www.montalegre.org\/wp-content\/uploads\/2026\/04\/adoracion-a-la-cruz-1024x652.jpg')\"><\/a><\/div><div class=\"article-core\"><h3 class=\"article-title\"><a href=\"https:\/\/www.montalegre.org\/es\/2026\/04\/san-juan-nos-situa-dentro-de-la-pasion-con-alegria-es-la-vision-positiva-de-la-cruz\/\">San Juan nos sit\u00faa dentro de la Pasi\u00f3n con alegr\u00eda, es la visi\u00f3n positiva de la Cruz<\/a><\/h3><div class=\"article-date\"><i class=\"ico tp tp-clock2\"><\/i>8 abril, 2026<\/div><div class=\"article-excerpt\"><p>En el segundo d\u00eda del Tridu Pascual, el 3 de abril de 2026, no se celebr\u00f3 la santa misa en ninguna parte del mundo cat\u00f3lico pues Jes\u00fas ha muerto en la Cruz y no puede suceder la Consagraci\u00f3n del pan y el vino. En el Viernes Santo lo que se celebra es el Memorial de [&hellip;]<\/p>\n<\/div><\/div><\/article><article class=\"brief-article\"><h3 class=\"article-title\"><a href=\"https:\/\/www.montalegre.org\/es\/2026\/04\/el-jubilo-de-los-catolicos-en-el-domingo-de-ramos\/\">El j\u00fabilo de los cat\u00f3licos en el Domingo de Ramos<\/a><\/h3><div class=\"article-date\">2 abril, 2026<\/div><\/article><article class=\"brief-article\"><h3 class=\"article-title\"><a href=\"https:\/\/www.montalegre.org\/es\/2026\/03\/los-escrutinios-de-los-catecumenos-de-montalegre\/\">Los Escrutinios de los Catec\u00famenos de Montalegre<\/a><\/h3><div class=\"article-date\">25 marzo, 2026<\/div><\/article><article class=\"brief-article\"><h3 class=\"article-title\"><a href=\"https:\/\/www.montalegre.org\/es\/2026\/02\/peregrinaciones-en-el-mes-de-mayo-de-2026-torreciudad-y-barbastro-apuntate-ya\/\">Peregrinaciones en el mes de mayo de 2026: \u00a0Torreciudad y Barbastro  \u00a1Ap\u00fantate ya!<\/a><\/h3><div class=\"article-date\">19 febrero, 2026<\/div><\/article><article class=\"brief-article\"><h3 class=\"article-title\"><a href=\"https:\/\/www.montalegre.org\/es\/2026\/01\/montalegre-escuela-de-monaguillos\/\">Montalegre, escuela de monaguillos<\/a><\/h3><div class=\"article-date\">30 enero, 2026<\/div><\/article><p class=\"more-btn-holder\"><a href=\"https:\/\/www.montalegre.org\/es\/category\/actualidad\/\">Leer m\u00e1s<\/a><\/p><\/div><\/div><\/div><\/div>[\/vc_column][\/vc_row]<\/p>\n<\/div>","protected":false},"excerpt":{"rendered":"<p>[vc_row][vc_column][\/vc_column][\/vc_row][vc_row][vc_column][\/vc_column][\/vc_row][vc_row][vc_column][\/vc_column][\/vc_row][vc_row][vc_column width=&#8221;1\/2&#8243;][\/vc_column][vc_column width=&#8221;1\/2&#8243;][\/vc_column][\/vc_row]<\/p>\n","protected":false},"author":7,"featured_media":0,"parent":0,"menu_order":0,"comment_status":"closed","ping_status":"closed","template":"","meta":{"footnotes":""},"class_list":["post-9396","page","type-page","status-publish","hentry"],"yoast_head":"<!-- This site is optimized with the Yoast SEO plugin v27.1.1 - https:\/\/yoast.com\/product\/yoast-seo-wordpress\/ -->\n<title>Inicio - Montalegre<\/title>\n<meta name=\"robots\" content=\"index, follow, max-snippet:-1, max-image-preview:large, max-video-preview:-1\" \/>\n<link rel=\"canonical\" href=\"https:\/\/www.montalegre.org\/es\/\" \/>\n<meta property=\"og:locale\" content=\"es_ES\" \/>\n<meta property=\"og:type\" content=\"article\" \/>\n<meta property=\"og:title\" content=\"Inicio - Montalegre\" \/>\n<meta property=\"og:description\" content=\"[vc_row][vc_column][\/vc_column][\/vc_row][vc_row][vc_column][\/vc_column][\/vc_row][vc_row][vc_column][\/vc_column][\/vc_row][vc_row][vc_column width=&#8221;1\/2&#8243;][\/vc_column][vc_column width=&#8221;1\/2&#8243;][\/vc_column][\/vc_row]\" \/>\n<meta property=\"og:url\" content=\"https:\/\/www.montalegre.org\/es\/\" \/>\n<meta property=\"og:site_name\" content=\"Montalegre\" \/>\n<meta property=\"article:modified_time\" content=\"2021-12-22T18:21:08+00:00\" \/>\n<meta name=\"twitter:card\" content=\"summary_large_image\" \/>\n<meta name=\"twitter:label1\" content=\"Tiempo de lectura\" \/>\n\t<meta name=\"twitter:data1\" content=\"1 minuto\" \/>\n<script type=\"application\/ld+json\" class=\"yoast-schema-graph\">{\"@context\":\"https:\/\/schema.org\",\"@graph\":[{\"@type\":\"WebPage\",\"@id\":\"https:\/\/www.montalegre.org\/es\/\",\"url\":\"https:\/\/www.montalegre.org\/es\/\",\"name\":\"Inicio - Montalegre\",\"isPartOf\":{\"@id\":\"https:\/\/www.montalegre.org\/es\/#website\"},\"datePublished\":\"2016-01-31T00:27:17+00:00\",\"dateModified\":\"2021-12-22T18:21:08+00:00\",\"breadcrumb\":{\"@id\":\"https:\/\/www.montalegre.org\/es\/#breadcrumb\"},\"inLanguage\":\"es\",\"potentialAction\":[{\"@type\":\"ReadAction\",\"target\":[\"https:\/\/www.montalegre.org\/es\/\"]}]},{\"@type\":\"BreadcrumbList\",\"@id\":\"https:\/\/www.montalegre.org\/es\/#breadcrumb\",\"itemListElement\":[{\"@type\":\"ListItem\",\"position\":1,\"name\":\"Portada\",\"item\":\"https:\/\/www.montalegre.org\/es\/\"},{\"@type\":\"ListItem\",\"position\":2,\"name\":\"Inicio\"}]},{\"@type\":\"WebSite\",\"@id\":\"https:\/\/www.montalegre.org\/es\/#website\",\"url\":\"https:\/\/www.montalegre.org\/es\/\",\"name\":\"Montalegre\",\"description\":\"\",\"potentialAction\":[{\"@type\":\"SearchAction\",\"target\":{\"@type\":\"EntryPoint\",\"urlTemplate\":\"https:\/\/www.montalegre.org\/es\/?s={search_term_string}\"},\"query-input\":{\"@type\":\"PropertyValueSpecification\",\"valueRequired\":true,\"valueName\":\"search_term_string\"}}],\"inLanguage\":\"es\"}]}<\/script>\n<!-- \/ Yoast SEO plugin. -->","yoast_head_json":{"title":"Inicio - Montalegre","robots":{"index":"index","follow":"follow","max-snippet":"max-snippet:-1","max-image-preview":"max-image-preview:large","max-video-preview":"max-video-preview:-1"},"canonical":"https:\/\/www.montalegre.org\/es\/","og_locale":"es_ES","og_type":"article","og_title":"Inicio - Montalegre","og_description":"[vc_row][vc_column][\/vc_column][\/vc_row][vc_row][vc_column][\/vc_column][\/vc_row][vc_row][vc_column][\/vc_column][\/vc_row][vc_row][vc_column width=&#8221;1\/2&#8243;][\/vc_column][vc_column width=&#8221;1\/2&#8243;][\/vc_column][\/vc_row]","og_url":"https:\/\/www.montalegre.org\/es\/","og_site_name":"Montalegre","article_modified_time":"2021-12-22T18:21:08+00:00","twitter_card":"summary_large_image","twitter_misc":{"Tiempo de lectura":"1 minuto"},"schema":{"@context":"https:\/\/schema.org","@graph":[{"@type":"WebPage","@id":"https:\/\/www.montalegre.org\/es\/","url":"https:\/\/www.montalegre.org\/es\/","name":"Inicio - Montalegre","isPartOf":{"@id":"https:\/\/www.montalegre.org\/es\/#website"},"datePublished":"2016-01-31T00:27:17+00:00","dateModified":"2021-12-22T18:21:08+00:00","breadcrumb":{"@id":"https:\/\/www.montalegre.org\/es\/#breadcrumb"},"inLanguage":"es","potentialAction":[{"@type":"ReadAction","target":["https:\/\/www.montalegre.org\/es\/"]}]},{"@type":"BreadcrumbList","@id":"https:\/\/www.montalegre.org\/es\/#breadcrumb","itemListElement":[{"@type":"ListItem","position":1,"name":"Portada","item":"https:\/\/www.montalegre.org\/es\/"},{"@type":"ListItem","position":2,"name":"Inicio"}]},{"@type":"WebSite","@id":"https:\/\/www.montalegre.org\/es\/#website","url":"https:\/\/www.montalegre.org\/es\/","name":"Montalegre","description":"","potentialAction":[{"@type":"SearchAction","target":{"@type":"EntryPoint","urlTemplate":"https:\/\/www.montalegre.org\/es\/?s={search_term_string}"},"query-input":{"@type":"PropertyValueSpecification","valueRequired":true,"valueName":"search_term_string"}}],"inLanguage":"es"}]}},"_links":{"self":[{"href":"https:\/\/www.montalegre.org\/es\/wp-json\/wp\/v2\/pages\/9396","targetHints":{"allow":["GET"]}}],"collection":[{"href":"https:\/\/www.montalegre.org\/es\/wp-json\/wp\/v2\/pages"}],"about":[{"href":"https:\/\/www.montalegre.org\/es\/wp-json\/wp\/v2\/types\/page"}],"author":[{"embeddable":true,"href":"https:\/\/www.montalegre.org\/es\/wp-json\/wp\/v2\/users\/7"}],"replies":[{"embeddable":true,"href":"https:\/\/www.montalegre.org\/es\/wp-json\/wp\/v2\/comments?post=9396"}],"version-history":[{"count":14,"href":"https:\/\/www.montalegre.org\/es\/wp-json\/wp\/v2\/pages\/9396\/revisions"}],"predecessor-version":[{"id":16250,"href":"https:\/\/www.montalegre.org\/es\/wp-json\/wp\/v2\/pages\/9396\/revisions\/16250"}],"wp:attachment":[{"href":"https:\/\/www.montalegre.org\/es\/wp-json\/wp\/v2\/media?parent=9396"}],"curies":[{"name":"wp","href":"https:\/\/api.w.org\/{rel}","templated":true}]}}