{"id":13,"date":"2010-01-24T22:54:05","date_gmt":"2010-01-24T22:54:05","guid":{"rendered":"http:\/\/germanferrari.com\/demos\/sabados-blancos\/?page_id=13"},"modified":"2021-02-23T19:23:16","modified_gmt":"2021-02-23T19:23:16","slug":"historia-de-montalegre","status":"publish","type":"page","link":"https:\/\/www.montalegre.org\/es\/la-iglesia\/historia-de-montalegre\/","title":{"rendered":"Breve historia de Montalegre"},"content":{"rendered":"<p><strong><u>Los or\u00edgenes<\/u><\/strong><\/p>\n<p>Originaria ermita de <strong>Nuestra Se\u00f1ora de Montalegre o de la Alegr\u00eda<\/strong> en el t\u00e9rmino municipal de Tiana, donde ahora se encuentra La Conreria.<a href=\"https:\/\/www.montalegre.org\/wp-content\/uploads\/2021\/02\/correria047-150x150-1.jpg\"><img loading=\"lazy\" decoding=\"async\" class=\"alignright wp-image-15443\" src=\"https:\/\/www.montalegre.org\/wp-content\/uploads\/2021\/02\/correria047-150x150-1.jpg\" alt=\"\" width=\"266\" height=\"266\" \/><\/a><\/p>\n<h4>Siglo XII. En esta ermita estaba establecida una comunidad de monjas, llamadas <strong>Canonesas de Santa Mar\u00eda de Montalegre<\/strong>.<\/h4>\n<h4>En 1362 las Canonesas se trasladan a Barcelona y construyen un nuevo Monasterio en la finca que hace esquina entre las actuales calles <strong>Montalegre <\/strong>y <strong>Valldonzella<\/strong>.<\/h4>\n<p>La imagen de piedra que hay en la calle Montalegre esquina Valldonzella es de finales del siglo XIV o comienzos del XV. Es conocida con el nombre de <strong>Virgen de la Alegr\u00eda<\/strong> o <strong>Nuestra Se\u00f1ora de Montalegre<\/strong>. Probablemente es la imagen m\u00e1s antigua de esta advocaci\u00f3n.<\/p>\n<p><a href=\"https:\/\/www.montalegre.org\/wp-content\/uploads\/2021\/02\/verge1-150x150-1.jpg\"><img loading=\"lazy\" decoding=\"async\" class=\"alignleft wp-image-15445\" src=\"https:\/\/www.montalegre.org\/wp-content\/uploads\/2021\/02\/verge1-150x150-1.jpg\" alt=\"\" width=\"221\" height=\"221\" \/><\/a>El 1593, al extinguirse la orden de las monjas de Santa Mar\u00eda de Montalegre, el monasterio paso a ser el <strong>Seminario Episcopal de Nuestra Se\u00f1ora de Montalegre de la Ciudad de Barcelona<\/strong>.<\/p>\n<p>En estos edificios, el 8 de octubre de 1802, el Rey Carlos IV establece la <strong>Casa de Caridad<\/strong>.<\/p>\n<p><strong><u>El nuevo templo<\/u><\/strong><\/p>\n<p>Desde su creaci\u00f3n en el a\u00f1o 1802, la Casa de Caridad utiliz\u00f3 para los actos de culto la antigua capilla de Santa Mar\u00eda de Montalegre que hab\u00eda sido primero de las monjas Canonesa y despu\u00e9s del Seminario Diocesano.<\/p>\n<p>El crecimiento de la poblaci\u00f3n de la Casa de Caridad -unas 2000 personas al finalizar el siglo XIX- ped\u00eda un templo m\u00e1s espacioso para acomodarla. A finales de 1899 la Junta de Gobierno de la Casa de Caridad comienza a estudiar la posibilidad de construir un nuevo templo y recoge las primeras limosnas. La Junta desea que se pueda estrenar la nueva iglesia en 1902, para conmemorar el Centenario de la Casa de Caridad.<\/p>\n<p>Se encarga el proyecto al prestigioso arquitecto barcelon\u00e9s <strong>August Font Carreras<\/strong> (1845-1924), que fue el arquitecto de la Casa de Caridad de manera gratuita desde 1899 hasta su muerte. Entre otros edificios destacados, August Font proyect\u00f3 el cimborrio y dirigi\u00f3 las obras de la fachada de la Catedral de Barcelona. Empiezan las obras el 8 de enero de 1901. La construcci\u00f3n se fue sufragando exclusivamente con donativos de los fieles.<\/p>\n<p>La iglesia fue bendecida el 15 de octubre de 1902, y comenz\u00f3 seguidamente el culto. El 23 de diciembre de 1902 el <strong>Cardenal Salvador Casa\u00f1as<\/strong> (1834-1908), obispo de Barcelona, consagr\u00f3 el altar.<a href=\"https:\/\/www.montalegre.org\/wp-content\/uploads\/2021\/02\/primeramisa054-150x150-1.jpg\"><img loading=\"lazy\" decoding=\"async\" class=\"alignright wp-image-15448\" src=\"https:\/\/www.montalegre.org\/wp-content\/uploads\/2021\/02\/primeramisa054-150x150-1.jpg\" alt=\"\" width=\"229\" height=\"229\" \/><\/a><\/p>\n<p>La Capilla de la <strong>Virgen de la Medalla Milagrosa<\/strong>, proyectada tambi\u00e9n por August Font, se inaugur\u00f3 el 27 de noviembre de 1908.<\/p>\n<p>Las vidrieras son las originales, las mismos que se realizaron en los diversos momentos de la construcci\u00f3n de la iglesia, capilla de la Milagrosa y sacrist\u00eda. Son de una extraordinaria calidad, y han sido restauradas varias veces. El vidriero <strong>Antoni Rigalt Blanch<\/strong> (1850-1914) realiz\u00f3 en 1902 las vidrieras de la iglesia y en 1908 las de la Capilla de la Milagrosa. La casa <strong>Hijo de Eudaldo Ramon Amig\u00f3 y C\u00eda<\/strong>. construy\u00f3 en 1911 las cuatro vidrieras de la sacrist\u00eda, aprovechando las viejas vidrieras del antiguo templo. En total en Montalegre hay 81 vitrales de gran val\u00eda. En la nave de la iglesia, 62 y los 3 grandes rosetones; 12 en la capilla de la Milagrosa, y 4 en la sacrist\u00eda.<\/p>\n<p>El \u00f3rgano, inaugurado el 27 de noviembre de 1927, fue construido por <strong>Lope Alberdi Recalde<\/strong> (1869-1948), uno de los mejores organeros del momento. Es un \u00f3rgano de concepci\u00f3n rom\u00e1ntica. La fachada del \u00f3rgano, de madera de cedro, fue dise\u00f1ada por <strong>Enric Sagnier Villavecchia<\/strong> (1858-1931), reconocido arquitecto, que era Vocal de la Junta de Gobierno de la Casa de Caridad.<\/p>\n<p>&nbsp;<\/p>\n<p><strong><u>El tiempo de la guerra civil<\/u><\/strong><\/p>\n<p>La guerra civil respet\u00f3 la f\u00e1brica y el \u00f3rgano de la iglesia, pero comport\u00f3 la destrucci\u00f3n de todas las im\u00e1genes, confesonarios y vasos sagrados. La iglesia tuvo diversas utilidades. En algunos momentos se pusieron camas y se utiliz\u00f3 como hospital. Tambi\u00e9n era almac\u00e9n de v\u00edveres y de las grandes bobinas de papel de la Imprenta-Escuela.<\/p>\n<p>&nbsp;<\/p>\n<p><strong><u><a href=\"https:\/\/www.montalegre.org\/wp-content\/uploads\/2021\/02\/pati055-150x150-1.jpg\"><img loading=\"lazy\" decoding=\"async\" class=\"alignleft wp-image-15450\" src=\"https:\/\/www.montalegre.org\/wp-content\/uploads\/2021\/02\/pati055-150x150-1.jpg\" alt=\"\" width=\"272\" height=\"272\" \/><\/a>Restauraci\u00f3n despu\u00e9s de la guerra<\/u><\/strong><\/p>\n<p>Terminada la guerra se procedi\u00f3 a la restauraci\u00f3n, que fue encargada al arquitecto barcelon\u00e9s <strong>Isidre Puig Boada<\/strong> (1891-1987), que particip\u00f3 en el proyecto de la fachada de la Pasi\u00f3n de la Sagrada Familia. Las obras consistieron en la remodelaci\u00f3n del presbiterio, construcci\u00f3n de nuevos confesonarios, instalaci\u00f3n el\u00e9ctrica, repaso de goteras y nueva pintura de todo el interior.<\/p>\n<p>El altar mayor, con su impresionante baldaqu\u00edn, fueron realizados por el artista <strong>Jaume Busquets Mollera<\/strong> (1904-63). La mesa del altar es -reformada- la misma que hab\u00eda desde el principio.<\/p>\n<p>El verano de 1940 se instal\u00f3 la imponente ara\u00f1a de hierro forjado en el centro del crucero, realizada por el herrero <strong>Benjam\u00edn Sales<\/strong>.<\/p>\n<p>La nueva inauguraci\u00f3n de la iglesia tuvo lugar el 15 de Octubre de 1940, y fue oficiada por el obispo administrador apost\u00f3lico de la di\u00f3cesis <strong>Mons. Miguel de los Santos D\u00edaz G\u00f3mara<\/strong> (1885-1949).<\/p>\n<p>&nbsp;<\/p>\n<p><strong><u>La imagen de la Virgen del presbiterio<\/u><\/strong><\/p>\n<p>El a\u00f1o 1952, con ocasi\u00f3n de la celebraci\u00f3n de los 150 a\u00f1os de la Casa de Caridad y de los 50 a\u00f1os de la iglesia, se coloc\u00f3 la imagen actual del presbiterio, realizada en alabastro por el mismo artista, <strong>Jaume Busquets Mollera<\/strong>. Fue pagada por la <em>Caja de Ahorros Provincial de la Diputaci\u00f3n de Barcelona<\/em>. Bendijo la imagen y celebr\u00f3 la Misa conmemorativa el arzobispo-obispo de Barcelona <strong>Mons. Gregorio Modrego Casaus<\/strong> (1890-1972), el 29 de Noviembre de 1952.<\/p>\n<p>&nbsp;<\/p>\n<p><strong><u>Iglesia confiada al Opus Dei<a href=\"https:\/\/www.montalegre.org\/wp-content\/uploads\/2021\/02\/caritat049-480x366-1.jpg\"><img loading=\"lazy\" decoding=\"async\" class=\"alignright wp-image-15453\" src=\"https:\/\/www.montalegre.org\/wp-content\/uploads\/2021\/02\/caritat049-480x366-1.jpg\" alt=\"\" width=\"417\" height=\"318\" \/><\/a><\/u><\/strong><\/p>\n<p>En abril de 1957, la Casa de Caridad comenz\u00f3 a abandonar los edificios por trasladarse a los Hogares Mundet. Como consecuencia, fueran cesando progresivamente los actos de culto en la iglesia, hasta quedar reducido a algunas nupcias y a una Misa los domingos y fiestas; y se fue produciendo un progresivo deterioro del templo. Ante esta circunstancia, la <strong>Diputaci\u00f3n de Barcelona<\/strong> hace donaci\u00f3n del templo al <strong>Arzobispado de Barcelona<\/strong> para que mantenga el culto, directamente o por medio de una instituci\u00f3n de la iglesia.<\/p>\n<p>EL arzobispado de Barcelona conf\u00eda la iglesia al <strong>Opus Dei<\/strong>, que toma posesi\u00f3n el 29 de junio de 1967, Fiesta de San Pedro y San Pablo, en la Misa anticipada vespertina del d\u00eda anterior, y se restablece el culto.<\/p>\n<p>&nbsp;<\/p>\n<p>Por decisi\u00f3n del arzobispo, el templo queda bajo la advocaci\u00f3n de <strong>Nuestra Se\u00f1ora de Montalegre<\/strong>. Su fiesta es el 31 de mayo, d\u00eda en que se celebra la Visitaci\u00f3n de Nuestra Se\u00f1ora.<\/p>\n<p>El nivel de degradaci\u00f3n del templo era evidente a simple vista. Se comenz\u00f3 por las obras de mayor urgencia, que de no hacerse podr\u00edan comportar la ruina progresiva del edificio: reparaci\u00f3n de la cubierta, impermeabilizaci\u00f3n con tela asf\u00e1ltica, nueva instalaci\u00f3n el\u00e9ctrica, etc. La direcci\u00f3n de las obras fue encomendada al arquitecto <strong>Antonio Lozoya Aug\u00e9<\/strong> (1916-2005), catedr\u00e1tico de la Escuela de Arquitectura i presidente del C\u00edrculo Art\u00edstico. Con los a\u00f1os, se han ido acometiendo el resto de obras necesarias, que se han financiado con donativos y limosnas de los fieles, siguiendo la tradici\u00f3n de este templo.<\/p>\n<p><img loading=\"lazy\" decoding=\"async\" class=\"alignleft wp-image-15456\" src=\"https:\/\/www.montalegre.org\/wp-content\/uploads\/2021\/02\/aranya053-150x150-1.jpg\" alt=\"\" width=\"255\" height=\"255\" \/><\/p>\n<p>El 14 de febrero de 1969 <strong>Mons. Josep Mar\u00eda Guix<\/strong> (1927-2009), obispo auxiliar de Barcelona, procedi\u00f3 a la consagraci\u00f3n del altar mayor y el altar de la Capilla del Sant\u00edsimo, acabada de construir. Acto seguido, acabada la consagraci\u00f3n de los altares, el arzobispo de Barcelona, <strong>Mons. Marcelo Gonz\u00e1lez Mart\u00edn<\/strong> (1918-2004), celebr\u00f3 la Santa Misa.<\/p>\n<p>El a\u00f1o 1985, se incorporan a Montalegre la <strong>Capilla de la Medalla Milagrosa<\/strong> y los locales anejos. Se abri\u00f3 el paso directo entre la iglesia y esta capilla, conservando la entrada desde el Patio Manning. El 1993 se realiz\u00f3 la tribuna de la parte posterior del \u00e1bside de la iglesia, por posibilitar el paso a la grada izquierda.<\/p>\n<p>Dentro de la tarea pastoral general del arzobispado de Barcelona, y en uni\u00f3n con los varios organismos diocesanos, la iglesia de Montalegre desarrolla las actividades pastorales que le son propias; y una amplia acci\u00f3n solidaria entre los habitantes del Raval, gracias a la generosa dedicaci\u00f3n de un numeroso <strong>Equipo de Voluntariado<\/strong>. Gente de toda edad,\u00a0procedencia social, opini\u00f3n y creencia ponen su experiencia y sus aptitudes al servicio de los dem\u00e1s: adolescentes, estudiantes universitarios, madres de familia, profesionales y jubilados.<\/p>\n<p>A lo largo de cien a\u00f1os de servicio, lo m\u00e1s importante es y ha sido la actividad ordinaria. Pero hay unos momentos que han quedado especialmente marcados en la memoria, entre otros, las visitas pastorales de los obispos, la ordenaci\u00f3n de sacerdotes realizada por el Cardenal <strong>Narc\u00eds Jubany Arnau<\/strong> (1913-1996), la clausura del proceso para la canonizaci\u00f3n de <strong>Montserrat Grases<\/strong> (1941-1959), las diversas celebraciones presididas por el <strong>Cardenal Ricard M. Carles<\/strong> (1926-2013), el <strong>Cardenal Llu\u00eds Mart\u00ednez Sistach<\/strong> y el <strong>Cardenal Juan Jos\u00e9 Omella<\/strong>, as\u00ed como por sus obispos auxiliares.<\/p>\n<p>&nbsp;<\/p>\n<ol start=\"2002\">\n<li><strong><u> Un doble Centenario<a href=\"https:\/\/www.montalegre.org\/wp-content\/uploads\/2021\/02\/orge050-150x150-1.jpg\"><img loading=\"lazy\" decoding=\"async\" class=\"alignright wp-image-15459\" src=\"https:\/\/www.montalegre.org\/wp-content\/uploads\/2021\/02\/orge050-150x150-1.jpg\" alt=\"\" width=\"298\" height=\"298\" \/><\/a><\/u><\/strong><\/li>\n<\/ol>\n<p>La celebraci\u00f3n del <strong>Centenario de Montalegre<\/strong> el 31 de mayo de 2002, fiesta de la Visitaci\u00f3n de la Virgen, comenz\u00f3 con la celebraci\u00f3n de la Eucarist\u00eda, presidida por el obispo auxiliar de Barcelona <strong>Mons. Jos\u00e9 \u00c1ngel Saiz Meneses<\/strong>. En el Patio Manning se instal\u00f3 una exposici\u00f3n retrospectiva, y despu\u00e9s el <strong>Coro Joven del Orfe\u00f3 Catal\u00e0<\/strong> ofreci\u00f3 un escogido concierto.<\/p>\n<p>Providencialmente coincidi\u00f3 este Centenario de Montalegre con el Centenario del nacimiento de <strong>Josemar\u00eda Escriv\u00e1<\/strong> (1902-1975), fundador del Opus Dei, que hab\u00eda visitado Montalegre el <strong>28 de noviembre de 1972<\/strong>, y que fue canonizado por el Papa <strong>San Juan Pablo II<\/strong> (1920-2005) el 6 de octubre de 2002 en la Plaza de San Pedro del Vaticano.<\/p>\n<p>Con ocasi\u00f3n de este Centenario se iniciaron en todo el mundo diversas iniciativas sociales en el \u00e1mbito de la educaci\u00f3n, la inmigraci\u00f3n, el trabajo y la sanidad. En el Raval se consolidaron <strong>Braval<\/strong> y <strong>Terral<\/strong>, dos centros de actividades que se proponen promover la cohesi\u00f3n social, luchar contra la marginaci\u00f3n, prevenir la exclusi\u00f3n social de los j\u00f3venes y facilitar la incorporaci\u00f3n de los inmigrantes en nuestra sociedad. Son un escal\u00f3n m\u00e1s en el conjunto de iniciativas de solidaridad que se desarrollan alrededor de la iglesia de Montalegre, desde que en 1967 fue confiada al Opus Dei.<\/p>\n<p>&nbsp;<\/p>\n<p><a href=\"https:\/\/www.montalegre.org\/wp-content\/uploads\/2021\/02\/baldaqui2052-150x150-1.jpg\"><img loading=\"lazy\" decoding=\"async\" class=\"alignleft wp-image-15461\" src=\"https:\/\/www.montalegre.org\/wp-content\/uploads\/2021\/02\/baldaqui2052-150x150-1.jpg\" alt=\"\" width=\"268\" height=\"268\" \/><\/a>Actualmente somos cuatro entidades trabajando coordinadamente:<\/p>\n<p><strong>Acci\u00f3n Social Montalegre<\/strong>. Dedicada a la atenci\u00f3n familiar primaria<\/p>\n<p><strong>Braval<\/strong>. Centro de apoyo socioeducativo<\/p>\n<p><strong>Terral<\/strong>. Centro espec\u00edficamente dirigido al desarrollo de la mujer<\/p>\n<p><strong>Fundaci\u00f3n Raval Solidari<\/strong>. Busca los recursos que se necesitan<\/p>\n<p>&nbsp;<\/p>\n<p><strong><u>En los \u00faltimos a\u00f1os<\/u><\/strong><\/p>\n<p>El 16 de mayo de 2008, <strong>Mons. Javier Echevarr\u00eda<\/strong> (1932-2016), prelado del Opus Dei, bendijo la imagen de <strong>San Josemar\u00eda Escriv\u00e1<\/strong>, realizada por el escultor <strong>Etsuro Sotoo<\/strong>.<\/p>\n<p>El 11 de noviembre de 2011 el <strong>Cardenal Llu\u00eds Mart\u00ednez Sistach<\/strong> presidi\u00f3 el traslado de los restos mortales de <strong>Mn. Jos\u00e9 Mar\u00eda Hern\u00e1ndez Garnica<\/strong> (1913-1972), uno de los tres primeros sacerdotes del Opus Dei, fallecido en Barcelona en 1972 con fama de santidad, desde el cementerio de Montju\u00efc a la nueva sepultura preparada en la capilla del Sant\u00edsimo.<a href=\"https:\/\/www.montalegre.org\/wp-content\/uploads\/2021\/02\/baldaqui1051-150x150-1.jpg\"><img loading=\"lazy\" decoding=\"async\" class=\"alignright wp-image-15464\" src=\"https:\/\/www.montalegre.org\/wp-content\/uploads\/2021\/02\/baldaqui1051-150x150-1.jpg\" alt=\"\" width=\"252\" height=\"252\" \/><\/a><\/p>\n<p>El 16 de julio de 2017, <strong>Mons. Fernando Oc\u00e1riz<\/strong>, prelado del Opus Dei, rez\u00f3 en Montalegre y tuvo ocasi\u00f3n de saludar y departir con muchos voluntarios y colaboradores.<\/p>\n<p>*******<\/p>\n<p><strong><u>Extracto del libro<\/u><\/strong><\/p>\n<p>Masabeu, Josep. <strong>Santa Mar\u00eda de Montalegre. Iglesia de la antigua Casa de Caridad. Centenario 1902-2002<\/strong>. Pr\u00f3logo del Cardenal Ricard M. Carles. Ed. Albada. 2004. Terrassa. ISBN. 84.87023-54-1. <em>Agotado<\/em>.<\/p>\n<p>&nbsp;<\/p>\n<p>&nbsp;<\/p>\n<p><a href=\"https:\/\/www.montalegre.org\/wp-content\/uploads\/2021\/02\/verge2-214x300-1.jpg\"><img loading=\"lazy\" decoding=\"async\" class=\"aligncenter  wp-image-15467\" src=\"https:\/\/www.montalegre.org\/wp-content\/uploads\/2021\/02\/verge2-214x300-1.jpg\" alt=\"\" width=\"287\" height=\"402\" \/><\/a><\/p>\n","protected":false},"excerpt":{"rendered":"<p>Los or\u00edgenes Originaria ermita de Nuestra Se\u00f1ora de Montalegre o de la Alegr\u00eda en el t\u00e9rmino municipal de Tiana, donde ahora se encuentra La Conreria. Siglo XII. En esta ermita estaba establecida una comunidad de monjas, llamadas Canonesas de Santa Mar\u00eda de Montalegre. En 1362 las Canonesas se trasladan a Barcelona y construyen un nuevo [&hellip;]<\/p>\n","protected":false},"author":4,"featured_media":0,"parent":41,"menu_order":0,"comment_status":"open","ping_status":"open","template":"","meta":{"footnotes":""},"class_list":["post-13","page","type-page","status-publish","hentry"],"yoast_head":"<!-- This site is optimized with the Yoast SEO plugin v27.1.1 - https:\/\/yoast.com\/product\/yoast-seo-wordpress\/ -->\n<title>Breve historia de Montalegre - Montalegre<\/title>\n<meta name=\"robots\" content=\"index, follow, max-snippet:-1, max-image-preview:large, max-video-preview:-1\" \/>\n<link rel=\"canonical\" href=\"https:\/\/www.montalegre.org\/es\/la-iglesia\/historia-de-montalegre\/\" \/>\n<meta property=\"og:locale\" content=\"es_ES\" \/>\n<meta property=\"og:type\" content=\"article\" \/>\n<meta property=\"og:title\" content=\"Breve historia de Montalegre - Montalegre\" \/>\n<meta property=\"og:description\" content=\"Los or\u00edgenes Originaria ermita de Nuestra Se\u00f1ora de Montalegre o de la Alegr\u00eda en el t\u00e9rmino municipal de Tiana, donde ahora se encuentra La Conreria. Siglo XII. En esta ermita estaba establecida una comunidad de monjas, llamadas Canonesas de Santa Mar\u00eda de Montalegre. En 1362 las Canonesas se trasladan a Barcelona y construyen un nuevo [&hellip;]\" \/>\n<meta property=\"og:url\" content=\"https:\/\/www.montalegre.org\/es\/la-iglesia\/historia-de-montalegre\/\" \/>\n<meta property=\"og:site_name\" content=\"Montalegre\" \/>\n<meta property=\"article:modified_time\" content=\"2021-02-23T19:23:16+00:00\" \/>\n<meta property=\"og:image\" content=\"https:\/\/www.montalegre.org\/wp-content\/uploads\/2021\/02\/correria047-150x150-1.jpg\" \/>\n<meta name=\"twitter:card\" content=\"summary_large_image\" \/>\n<meta name=\"twitter:label1\" content=\"Tiempo de lectura\" \/>\n\t<meta name=\"twitter:data1\" content=\"10 minutos\" \/>\n<script type=\"application\/ld+json\" class=\"yoast-schema-graph\">{\"@context\":\"https:\/\/schema.org\",\"@graph\":[{\"@type\":\"WebPage\",\"@id\":\"https:\/\/www.montalegre.org\/es\/la-iglesia\/historia-de-montalegre\/\",\"url\":\"https:\/\/www.montalegre.org\/es\/la-iglesia\/historia-de-montalegre\/\",\"name\":\"Breve historia de Montalegre - Montalegre\",\"isPartOf\":{\"@id\":\"https:\/\/www.montalegre.org\/es\/#website\"},\"primaryImageOfPage\":{\"@id\":\"https:\/\/www.montalegre.org\/es\/la-iglesia\/historia-de-montalegre\/#primaryimage\"},\"image\":{\"@id\":\"https:\/\/www.montalegre.org\/es\/la-iglesia\/historia-de-montalegre\/#primaryimage\"},\"thumbnailUrl\":\"https:\/\/www.montalegre.org\/wp-content\/uploads\/2021\/02\/correria047-150x150-1.jpg\",\"datePublished\":\"2010-01-24T22:54:05+00:00\",\"dateModified\":\"2021-02-23T19:23:16+00:00\",\"breadcrumb\":{\"@id\":\"https:\/\/www.montalegre.org\/es\/la-iglesia\/historia-de-montalegre\/#breadcrumb\"},\"inLanguage\":\"es\",\"potentialAction\":[{\"@type\":\"ReadAction\",\"target\":[\"https:\/\/www.montalegre.org\/es\/la-iglesia\/historia-de-montalegre\/\"]}]},{\"@type\":\"ImageObject\",\"inLanguage\":\"es\",\"@id\":\"https:\/\/www.montalegre.org\/es\/la-iglesia\/historia-de-montalegre\/#primaryimage\",\"url\":\"https:\/\/www.montalegre.org\/wp-content\/uploads\/2021\/02\/correria047-150x150-1.jpg\",\"contentUrl\":\"https:\/\/www.montalegre.org\/wp-content\/uploads\/2021\/02\/correria047-150x150-1.jpg\"},{\"@type\":\"BreadcrumbList\",\"@id\":\"https:\/\/www.montalegre.org\/es\/la-iglesia\/historia-de-montalegre\/#breadcrumb\",\"itemListElement\":[{\"@type\":\"ListItem\",\"position\":1,\"name\":\"Portada\",\"item\":\"https:\/\/www.montalegre.org\/es\/\"},{\"@type\":\"ListItem\",\"position\":2,\"name\":\"Iglesia\",\"item\":\"https:\/\/www.montalegre.org\/es\/la-iglesia\/\"},{\"@type\":\"ListItem\",\"position\":3,\"name\":\"Breve historia de Montalegre\"}]},{\"@type\":\"WebSite\",\"@id\":\"https:\/\/www.montalegre.org\/es\/#website\",\"url\":\"https:\/\/www.montalegre.org\/es\/\",\"name\":\"Montalegre\",\"description\":\"\",\"potentialAction\":[{\"@type\":\"SearchAction\",\"target\":{\"@type\":\"EntryPoint\",\"urlTemplate\":\"https:\/\/www.montalegre.org\/es\/?s={search_term_string}\"},\"query-input\":{\"@type\":\"PropertyValueSpecification\",\"valueRequired\":true,\"valueName\":\"search_term_string\"}}],\"inLanguage\":\"es\"}]}<\/script>\n<!-- \/ Yoast SEO plugin. -->","yoast_head_json":{"title":"Breve historia de Montalegre - Montalegre","robots":{"index":"index","follow":"follow","max-snippet":"max-snippet:-1","max-image-preview":"max-image-preview:large","max-video-preview":"max-video-preview:-1"},"canonical":"https:\/\/www.montalegre.org\/es\/la-iglesia\/historia-de-montalegre\/","og_locale":"es_ES","og_type":"article","og_title":"Breve historia de Montalegre - Montalegre","og_description":"Los or\u00edgenes Originaria ermita de Nuestra Se\u00f1ora de Montalegre o de la Alegr\u00eda en el t\u00e9rmino municipal de Tiana, donde ahora se encuentra La Conreria. Siglo XII. En esta ermita estaba establecida una comunidad de monjas, llamadas Canonesas de Santa Mar\u00eda de Montalegre. En 1362 las Canonesas se trasladan a Barcelona y construyen un nuevo [&hellip;]","og_url":"https:\/\/www.montalegre.org\/es\/la-iglesia\/historia-de-montalegre\/","og_site_name":"Montalegre","article_modified_time":"2021-02-23T19:23:16+00:00","og_image":[{"url":"https:\/\/www.montalegre.org\/wp-content\/uploads\/2021\/02\/correria047-150x150-1.jpg","type":"","width":"","height":""}],"twitter_card":"summary_large_image","twitter_misc":{"Tiempo de lectura":"10 minutos"},"schema":{"@context":"https:\/\/schema.org","@graph":[{"@type":"WebPage","@id":"https:\/\/www.montalegre.org\/es\/la-iglesia\/historia-de-montalegre\/","url":"https:\/\/www.montalegre.org\/es\/la-iglesia\/historia-de-montalegre\/","name":"Breve historia de Montalegre - Montalegre","isPartOf":{"@id":"https:\/\/www.montalegre.org\/es\/#website"},"primaryImageOfPage":{"@id":"https:\/\/www.montalegre.org\/es\/la-iglesia\/historia-de-montalegre\/#primaryimage"},"image":{"@id":"https:\/\/www.montalegre.org\/es\/la-iglesia\/historia-de-montalegre\/#primaryimage"},"thumbnailUrl":"https:\/\/www.montalegre.org\/wp-content\/uploads\/2021\/02\/correria047-150x150-1.jpg","datePublished":"2010-01-24T22:54:05+00:00","dateModified":"2021-02-23T19:23:16+00:00","breadcrumb":{"@id":"https:\/\/www.montalegre.org\/es\/la-iglesia\/historia-de-montalegre\/#breadcrumb"},"inLanguage":"es","potentialAction":[{"@type":"ReadAction","target":["https:\/\/www.montalegre.org\/es\/la-iglesia\/historia-de-montalegre\/"]}]},{"@type":"ImageObject","inLanguage":"es","@id":"https:\/\/www.montalegre.org\/es\/la-iglesia\/historia-de-montalegre\/#primaryimage","url":"https:\/\/www.montalegre.org\/wp-content\/uploads\/2021\/02\/correria047-150x150-1.jpg","contentUrl":"https:\/\/www.montalegre.org\/wp-content\/uploads\/2021\/02\/correria047-150x150-1.jpg"},{"@type":"BreadcrumbList","@id":"https:\/\/www.montalegre.org\/es\/la-iglesia\/historia-de-montalegre\/#breadcrumb","itemListElement":[{"@type":"ListItem","position":1,"name":"Portada","item":"https:\/\/www.montalegre.org\/es\/"},{"@type":"ListItem","position":2,"name":"Iglesia","item":"https:\/\/www.montalegre.org\/es\/la-iglesia\/"},{"@type":"ListItem","position":3,"name":"Breve historia de Montalegre"}]},{"@type":"WebSite","@id":"https:\/\/www.montalegre.org\/es\/#website","url":"https:\/\/www.montalegre.org\/es\/","name":"Montalegre","description":"","potentialAction":[{"@type":"SearchAction","target":{"@type":"EntryPoint","urlTemplate":"https:\/\/www.montalegre.org\/es\/?s={search_term_string}"},"query-input":{"@type":"PropertyValueSpecification","valueRequired":true,"valueName":"search_term_string"}}],"inLanguage":"es"}]}},"_links":{"self":[{"href":"https:\/\/www.montalegre.org\/es\/wp-json\/wp\/v2\/pages\/13","targetHints":{"allow":["GET"]}}],"collection":[{"href":"https:\/\/www.montalegre.org\/es\/wp-json\/wp\/v2\/pages"}],"about":[{"href":"https:\/\/www.montalegre.org\/es\/wp-json\/wp\/v2\/types\/page"}],"author":[{"embeddable":true,"href":"https:\/\/www.montalegre.org\/es\/wp-json\/wp\/v2\/users\/4"}],"replies":[{"embeddable":true,"href":"https:\/\/www.montalegre.org\/es\/wp-json\/wp\/v2\/comments?post=13"}],"version-history":[{"count":39,"href":"https:\/\/www.montalegre.org\/es\/wp-json\/wp\/v2\/pages\/13\/revisions"}],"predecessor-version":[{"id":15469,"href":"https:\/\/www.montalegre.org\/es\/wp-json\/wp\/v2\/pages\/13\/revisions\/15469"}],"up":[{"embeddable":true,"href":"https:\/\/www.montalegre.org\/es\/wp-json\/wp\/v2\/pages\/41"}],"wp:attachment":[{"href":"https:\/\/www.montalegre.org\/es\/wp-json\/wp\/v2\/media?parent=13"}],"curies":[{"name":"wp","href":"https:\/\/api.w.org\/{rel}","templated":true}]}}