{"version":"1.0","provider_name":"Montalegre","provider_url":"https:\/\/www.montalegre.org\/es\/","author_name":"montalegre","author_url":"https:\/\/www.montalegre.org\/es\/author\/montalegre\/","title":"Hoy La Inmaculada Concepci\u00f3n - Montalegre","type":"rich","width":600,"height":338,"html":"<blockquote class=\"wp-embedded-content\" data-secret=\"yunXftSELG\"><a href=\"https:\/\/www.montalegre.org\/es\/2012\/12\/hoy-la-inmaculada-concepcion\/\">Hoy La Inmaculada Concepci\u00f3n<\/a><\/blockquote><iframe sandbox=\"allow-scripts\" security=\"restricted\" src=\"https:\/\/www.montalegre.org\/es\/2012\/12\/hoy-la-inmaculada-concepcion\/embed\/#?secret=yunXftSELG\" width=\"600\" height=\"338\" title=\"\u00abHoy La Inmaculada Concepci\u00f3n\u00bb \u2014 Montalegre\" data-secret=\"yunXftSELG\" frameborder=\"0\" marginwidth=\"0\" marginheight=\"0\" scrolling=\"no\" class=\"wp-embedded-content\"><\/iframe><script type=\"text\/javascript\">\n\/* <![CDATA[ *\/\n\/*! This file is auto-generated *\/\n!function(d,l){\"use strict\";l.querySelector&&d.addEventListener&&\"undefined\"!=typeof URL&&(d.wp=d.wp||{},d.wp.receiveEmbedMessage||(d.wp.receiveEmbedMessage=function(e){var t=e.data;if((t||t.secret||t.message||t.value)&&!\/[^a-zA-Z0-9]\/.test(t.secret)){for(var s,r,n,a=l.querySelectorAll('iframe[data-secret=\"'+t.secret+'\"]'),o=l.querySelectorAll('blockquote[data-secret=\"'+t.secret+'\"]'),c=new RegExp(\"^https?:$\",\"i\"),i=0;i<o.length;i++)o[i].style.display=\"none\";for(i=0;i<a.length;i++)s=a[i],e.source===s.contentWindow&&(s.removeAttribute(\"style\"),\"height\"===t.message?(1e3<(r=parseInt(t.value,10))?r=1e3:~~r<200&&(r=200),s.height=r):\"link\"===t.message&&(r=new URL(s.getAttribute(\"src\")),n=new URL(t.value),c.test(n.protocol))&&n.host===r.host&&l.activeElement===s&&(d.top.location.href=t.value))}},d.addEventListener(\"message\",d.wp.receiveEmbedMessage,!1),l.addEventListener(\"DOMContentLoaded\",function(){for(var e,t,s=l.querySelectorAll(\"iframe.wp-embedded-content\"),r=0;r<s.length;r++)(t=(e=s[r]).getAttribute(\"data-secret\"))||(t=Math.random().toString(36).substring(2,12),e.src+=\"#?secret=\"+t,e.setAttribute(\"data-secret\",t)),e.contentWindow.postMessage({message:\"ready\",secret:t},\"*\")},!1)))}(window,document);\n\/\/# sourceURL=https:\/\/www.montalegre.org\/wp-includes\/js\/wp-embed.min.js\n\/* ]]> *\/\n<\/script>\n","description":"En todo el mundo cat\u00f3lico hemos celebrado hoy, d\u00eda 8 de diciembre, la solemnidad de la Inmaculada Concepci\u00f3n de la Sant\u00edsima Virgen Mar\u00eda. Es uno de los dos d\u00edas del a\u00f1o en el que los revestimientos de los presb\u00edteros pueden ser azules, color que rompe el rigor propio del tiempo lit\u00fargico del Adviento, que el [&hellip;]","thumbnail_url":"http:\/\/www.montalegre.org\/wp-content\/uploads\/2012\/12\/images.jpg"}