{"version":"1.0","provider_name":"Montalegre","provider_url":"https:\/\/www.montalegre.org\/es\/","author_name":"montalegre","author_url":"https:\/\/www.montalegre.org\/es\/author\/montalegre\/","title":"Torreciudad, un a\u00f1o singular - Montalegre","type":"rich","width":600,"height":338,"html":"<blockquote class=\"wp-embedded-content\" data-secret=\"fKr1JCpWTc\"><a href=\"https:\/\/www.montalegre.org\/es\/2011\/09\/torreciudad-un-ano-singular\/\">Torreciudad, un a\u00f1o singular<\/a><\/blockquote><iframe sandbox=\"allow-scripts\" security=\"restricted\" src=\"https:\/\/www.montalegre.org\/es\/2011\/09\/torreciudad-un-ano-singular\/embed\/#?secret=fKr1JCpWTc\" width=\"600\" height=\"338\" title=\"\u00abTorreciudad, un a\u00f1o singular\u00bb \u2014 Montalegre\" data-secret=\"fKr1JCpWTc\" frameborder=\"0\" marginwidth=\"0\" marginheight=\"0\" scrolling=\"no\" class=\"wp-embedded-content\"><\/iframe><script type=\"text\/javascript\">\n\/* <![CDATA[ *\/\n\/*! This file is auto-generated *\/\n!function(d,l){\"use strict\";l.querySelector&&d.addEventListener&&\"undefined\"!=typeof URL&&(d.wp=d.wp||{},d.wp.receiveEmbedMessage||(d.wp.receiveEmbedMessage=function(e){var t=e.data;if((t||t.secret||t.message||t.value)&&!\/[^a-zA-Z0-9]\/.test(t.secret)){for(var s,r,n,a=l.querySelectorAll('iframe[data-secret=\"'+t.secret+'\"]'),o=l.querySelectorAll('blockquote[data-secret=\"'+t.secret+'\"]'),c=new RegExp(\"^https?:$\",\"i\"),i=0;i<o.length;i++)o[i].style.display=\"none\";for(i=0;i<a.length;i++)s=a[i],e.source===s.contentWindow&&(s.removeAttribute(\"style\"),\"height\"===t.message?(1e3<(r=parseInt(t.value,10))?r=1e3:~~r<200&&(r=200),s.height=r):\"link\"===t.message&&(r=new URL(s.getAttribute(\"src\")),n=new URL(t.value),c.test(n.protocol))&&n.host===r.host&&l.activeElement===s&&(d.top.location.href=t.value))}},d.addEventListener(\"message\",d.wp.receiveEmbedMessage,!1),l.addEventListener(\"DOMContentLoaded\",function(){for(var e,t,s=l.querySelectorAll(\"iframe.wp-embedded-content\"),r=0;r<s.length;r++)(t=(e=s[r]).getAttribute(\"data-secret\"))||(t=Math.random().toString(36).substring(2,12),e.src+=\"#?secret=\"+t,e.setAttribute(\"data-secret\",t)),e.contentWindow.postMessage({message:\"ready\",secret:t},\"*\")},!1)))}(window,document);\n\/\/# sourceURL=https:\/\/www.montalegre.org\/wp-includes\/js\/wp-embed.min.js\n\/* ]]> *\/\n<\/script>\n","description":"\u00a0 Un a\u00f1o m\u00e1s en el Santuario de Torreciudad en Huesca se celebr\u00f3 la el 17 de septiembre la Jornada Mariana de la Familia, cumpli\u00e9ndose en esta ocasi\u00f3n su vig\u00e9simo segundo encuentro. Fue presidida por el Emmo. Y Rvdmo. Sr. D. Antonio Mar\u00eda Rouco Varela, Cardenal Arzobispo de Madrid y presidente de la Conferencia Episcopal [&hellip;]","thumbnail_url":"http:\/\/www.montalegre.org\/wp-content\/uploads\/2011\/09\/IMG_7394-150x150.jpg"}